{"id":1669,"date":"2020-07-18T20:47:34","date_gmt":"2020-07-18T20:47:34","guid":{"rendered":"https:\/\/klimaneutral2035.de\/?page_id=1669"},"modified":"2024-02-25T19:48:29","modified_gmt":"2024-02-25T18:48:29","slug":"energiewende-beschleunigen","status":"publish","type":"page","link":"https:\/\/klimaneutral2035.de\/en\/energiewende-beschleunigen\/","title":{"rendered":"Accelerate Energy Transition"},"content":{"rendered":"<div class=\"vc_row wpb_row vc_row-fluid\"><div class=\"wpb_column vc_column_container vc_col-sm-12\"><div class=\"vc_column-inner\"><div class=\"wpb_wrapper\"><div  class=\"swmsc_fancy_heading swmsc_fancy_heading_center fh_icon_bolt\" style=\"margin-top:0px;margin-bottom:40px;\">\n\t\t\t\t\t\t<div class=\"swmsc_fancy_heading_text\" style=\"font-size:30px;line-height:36px;\">\n\t\t\t\t\t\t\t\n<h2>Strom<\/h2>\n\n\t\t\t\t\t\t\t<div class=\"swmsc_fancy_heading_border\">\n\t\t\t\t\t\t\t\t<span class=\"swmsc_fancy_heading_border1\" style=\"background:#e6e6e6;\"><\/span>\n\t\t\t\t\t\t\t\t<span class=\"swmsc_fancy_heading_border2\" style=\"background:#e6e6e6;\"><\/span>\n\t\t\t\t\t\t\t\t<span class=\"swmsc_fancy_heading_icon\"><i class=\"fa fa-bolt\"  style=\"color:#90be54;\"><\/i><\/span>\n\t\t\t\t\t\t\t<\/div>\n\t\t\t\t\t\t<\/div>\n\t\t\t\t\t<\/div><div  class=\"service-img-medium\" >\n\t\t\t\t\t\t<div class=\"swmsc_services_images swmsc_responsive_services swmsc_services_item_left\" data-responsive=\"767\" data-margin=\"20\" >\n\t\t\t\t\t\t\t\t<div class=\"swmsc_services_item_holder\" style=\"margin-right:20px;\">\n\t\t\t\t\t\t\t\t<span>\n\t\t\t\t\t\t\t\t\t<img decoding=\"async\" src=\"https:\/\/klimaneutral2035.de\/wp-content\/uploads\/pv_dach.jpg\" alt=\"\" style=\"border:1px solid #e6e6e6; border-radius:0; padding:0px;\" \/>\n\t\t\t\t\t\t\t\t<\/span>\n\t\t\t\t\t\t\t<\/div>\n\t\t\t\t\t\t\t<div class=\"swmsc_services_image_content\">\n\t\t\t\t\t\t\t\t<h5 style=\"font-size:18px; color:#444444;margin-bottom:10px;\">Photovoltaik - Solarstrom vom eigenen Dach lohnt sich<\/h5>\n\t\t\t\t\t\t\t\tPhotovoltaik-Anlagen lohnen sich nicht nur f\u00fcr das Klima, sondern meist auch finanziell \u2013 umso mehr, da die Gemeinde Neubiberg Photovoltaik-Anlagen mit durchschnittlich 2.100 Euro f\u00f6rdert. Die Initiative Klimaneutral 2035 hat dazu einen sehr informativen und praktischen Leitfaden erstellt und hat etliche pers\u00f6nlicher Anwendungsbeispiele, die zeigen, dass Photovoltaik auf dem Dach machbar und lohnend ist.<\/p>\n<p><strong><span style=\"font-size: 1.2em;\"><a href=\"https:\/\/klimaneutral2035.de\/en\/10-schritte-zur-photovoltaik-anlage\/\">Zum Photovoltaik-Leitfaden &gt;&gt;<\/a><\/span><\/strong>\n\t\t\t\t\t\t\t\t<div class=\"clear\"><\/div>\n\t\t\t\t\t\t\t\t<\/div>\n\t\t\t\t\t\t\t<div class=\"clear\"><\/div>\n\t\t\t\t\t\t<\/div>\n\t\t\t\t\t\t<div class=\"clear\"><\/div>\n\t\t\t\t\t<\/div><div  class=\"clear swmsc_gap\" style=\"margin:50px 0 0 0;\"><\/div><div  class=\"service-img-medium\" >\n\t\t\t\t\t\t<div class=\"swmsc_services_images swmsc_responsive_services swmsc_services_item_left\" data-responsive=\"767\" data-margin=\"20\" >\n\t\t\t\t\t\t\t\t<div class=\"swmsc_services_item_holder\" style=\"margin-right:20px;\">\n\t\t\t\t\t\t\t\t<span>\n\t\t\t\t\t\t\t\t\t<img decoding=\"async\" src=\"https:\/\/klimaneutral2035.de\/wp-content\/uploads\/Steckersolaranlage-1.jpg\" alt=\"\" style=\"border:1px solid #e6e6e6; border-radius:0; padding:0px;\" \/>\n\t\t\t\t\t\t\t\t<\/span>\n\t\t\t\t\t\t\t<\/div>\n\t\t\t\t\t\t\t<div class=\"swmsc_services_image_content\">\n\t\t\t\t\t\t\t\t<h5 style=\"font-size:18px; color:#444444;margin-bottom:10px;\">Stecker-Solaranlagen \/ Balkonkraftwerke<\/h5>\n\t\t\t\t\t\t\t\tStecker-Solaranlagen, auch bekannt als Balkonkraftwerke oder Mini-Solaranlagen, bestehen typischerweise aus ein oder zwei Photovoltaikmodulen, einem Miniwechselrichter und einem normalen Stecker. Eine solche Anlage\u00a0 k\u00f6nnen Sie mit wenig Aufwand auf dem Balkon, Terrasse, Fassade, Carport oder im Garten installieren und damit Ihren Grundbedarf an Strom decken. Steckersolar-Anlagen werden von der Gemeinde Neubiberg mit ca. 100 &#8211; 200 Euro gef\u00f6rdert.<\/p>\n<p><strong><span style=\"font-size: 1.2em;\"><a href=\"https:\/\/klimaneutral2035.de\/en\/stecker-solaranlage\/\">Zum Stecker-Solaranlagen-Leitfaden &gt;&gt;<\/a><\/span><\/strong>\n\t\t\t\t\t\t\t\t<div class=\"clear\"><\/div>\n\t\t\t\t\t\t\t\t<\/div>\n\t\t\t\t\t\t\t<div class=\"clear\"><\/div>\n\t\t\t\t\t\t<\/div>\n\t\t\t\t\t\t<div class=\"clear\"><\/div>\n\t\t\t\t\t<\/div><div  class=\"clear swmsc_gap\" style=\"margin:50px 0 0 0;\"><\/div><div  class=\"service-img-medium\" >\n\t\t\t\t\t\t<div class=\"swmsc_services_images swmsc_responsive_services swmsc_services_item_left\" data-responsive=\"767\" data-margin=\"20\" >\n\t\t\t\t\t\t\t\t<div class=\"swmsc_services_item_holder\" style=\"margin-right:20px;\">\n\t\t\t\t\t\t\t\t<span>\n\t\t\t\t\t\t\t\t\t<img decoding=\"async\" src=\"https:\/\/klimaneutral2035.de\/wp-content\/uploads\/Oekostrom.jpg\" alt=\"\" style=\"border:1px solid #e6e6e6; border-radius:0; padding:0px;\" \/>\n\t\t\t\t\t\t\t\t<\/span>\n\t\t\t\t\t\t\t<\/div>\n\t\t\t\t\t\t\t<div class=\"swmsc_services_image_content\">\n\t\t\t\t\t\t\t\t<h5 style=\"font-size:18px; color:#444444;margin-bottom:10px;\">\u00d6kostrom - so bekommen Sie echten Gr\u00fcnstrom<\/h5>\n\t\t\t\t\t\t\t\tWas bedeutet eigentlich \u00d6kostrom? Wie wird dieser gewonnen? Und wie unterscheiden sich Gr\u00fcnstrom-Angebote im Detail und vor allem gegen\u00fcber zu konventionellen Stromtarifen?<\/p>\n<p>Ein verantwortungsvoller und nachhaltiger Energiebezug ist heut zu Tage f\u00fcr jeden ganz einfach m\u00f6glich und auch bezahlbar &#8211; vor allem mit dem F\u00f6rderungszuschuss der Gemeinde Neubiberg.<\/p>\n<p><strong><span style=\"font-size: 1.2em;\"><a href=\"https:\/\/klimaneutral2035.de\/en\/oekostrom\/\">Zum \u00d6kostrom-Leitfaden &gt;&gt;<\/a><\/span><\/strong>\n\t\t\t\t\t\t\t\t<div class=\"clear\"><\/div>\n\t\t\t\t\t\t\t\t<\/div>\n\t\t\t\t\t\t\t<div class=\"clear\"><\/div>\n\t\t\t\t\t\t<\/div>\n\t\t\t\t\t\t<div class=\"clear\"><\/div>\n\t\t\t\t\t<\/div><div  class=\"swmsc_fancy_heading swmsc_fancy_heading_center fh_icon_database\" style=\"margin-top:80px;margin-bottom:40px;\">\n\t\t\t\t\t\t<div class=\"swmsc_fancy_heading_text\" style=\"font-size:30px;line-height:36px;\">\n\t\t\t\t\t\t\t\n<h2>W\u00e4rme<\/h2>\n\n\t\t\t\t\t\t\t<div class=\"swmsc_fancy_heading_border\">\n\t\t\t\t\t\t\t\t<span class=\"swmsc_fancy_heading_border1\" style=\"background:#e6e6e6;\"><\/span>\n\t\t\t\t\t\t\t\t<span class=\"swmsc_fancy_heading_border2\" style=\"background:#e6e6e6;\"><\/span>\n\t\t\t\t\t\t\t\t<span class=\"swmsc_fancy_heading_icon\"><i class=\"fa fa-database\"  style=\"color:#90be54;\"><\/i><\/span>\n\t\t\t\t\t\t\t<\/div>\n\t\t\t\t\t\t<\/div>\n\t\t\t\t\t<\/div><div  class=\"service-img-medium\" >\n\t\t\t\t\t\t<div class=\"swmsc_services_images swmsc_responsive_services swmsc_services_item_left\" data-responsive=\"767\" data-margin=\"20\" >\n\t\t\t\t\t\t\t\t<div class=\"swmsc_services_item_holder\" style=\"margin-right:20px;\">\n\t\t\t\t\t\t\t\t<span>\n\t\t\t\t\t\t\t\t\t<img decoding=\"async\" src=\"https:\/\/klimaneutral2035.de\/wp-content\/uploads\/117_Beratungsgespraech_Blaumann_cmyk_300dpi.jpg\" alt=\"\" style=\"border:1px solid #e6e6e6; border-radius:0; padding:0px;\" \/>\n\t\t\t\t\t\t\t\t<\/span>\n\t\t\t\t\t\t\t<\/div>\n\t\t\t\t\t\t\t<div class=\"swmsc_services_image_content\">\n\t\t\t\t\t\t\t\t<h5 style=\"font-size:18px; color:#444444;margin-bottom:10px;\">W\u00e4rmepumpen - die Zukunft des Heizens<\/h5>\n\t\t\t\t\t\t\t\tEine W\u00e4rmepumpe entzieht der Luft, dem Erdboden oder dem Grundwasser W\u00e4rme und kann damit klimafreundlich ihr Geb\u00e4ude mit W\u00e4rme versorgen. Zusammen mit einem echten \u00d6kostromtarif heizen Sie damit sogar vollst\u00e4ndig klimaneutral. Eine W\u00e4rmepumpe l\u00e4sst sich ideal mit einer Photovoltaik-Anlage kombinieren und kann auch f\u00fcr viele Bestandsgeb\u00e4ude sinnvoll sein. W\u00e4rmepumpen werden umfangreich gef\u00f6rdert, sowohl vom Bund (BAFA) als auch von der Gemeinde Neubiberg, zusammen mit 50 &#8211; 65%!<\/p>\n<p><strong><span style=\"font-size: 1.2em;\"><a href=\"https:\/\/klimaneutral2035.de\/en\/waermepumpe\/\">Zum W\u00e4rmepumpen-Leitfaden &gt;&gt;<\/a><\/span><\/strong>\n\t\t\t\t\t\t\t\t<div class=\"clear\"><\/div>\n\t\t\t\t\t\t\t\t<\/div>\n\t\t\t\t\t\t\t<div class=\"clear\"><\/div>\n\t\t\t\t\t\t<\/div>\n\t\t\t\t\t\t<div class=\"clear\"><\/div>\n\t\t\t\t\t<\/div><div  class=\"clear swmsc_gap\" style=\"margin:50px 0 0 0;\"><\/div><div  class=\"service-img-medium\" >\n\t\t\t\t\t\t<div class=\"swmsc_services_images swmsc_responsive_services swmsc_services_item_left\" data-responsive=\"767\" data-margin=\"20\" >\n\t\t\t\t\t\t\t\t<div class=\"swmsc_services_item_holder\" style=\"margin-right:20px;\">\n\t\t\t\t\t\t\t\t<span>\n\t\t\t\t\t\t\t\t\t<img decoding=\"async\" src=\"https:\/\/klimaneutral2035.de\/wp-content\/uploads\/Solarthermie-scaled.jpg\" alt=\"\" style=\"border:1px solid #e6e6e6; border-radius:0; padding:0px;\" \/>\n\t\t\t\t\t\t\t\t<\/span>\n\t\t\t\t\t\t\t<\/div>\n\t\t\t\t\t\t\t<div class=\"swmsc_services_image_content\">\n\t\t\t\t\t\t\t\t<h5 style=\"font-size:18px; color:#444444;margin-bottom:10px;\">Solarthermie - so sparen Sie Heizkosten richtig<\/h5>\n\t\t\t\t\t\t\t\tMit Solarthermie nutzen Sie die W\u00e4rme der Sonnenstrahlen, die Sie f\u00fcr die Heizung und Ihr Warmwasser einsetzen k\u00f6nnen. Solarthermie ist sinnvoll, wenn Sie den Umstieg von fossilen Brennstoffen auf erneuerbare Energietr\u00e4ger voranbringen und Energiekosten sparen m\u00f6chten. Um Ihren gesamten W\u00e4rmebedarf klimaneutral zu erzeugen, k\u00f6nnen Sie Solarthermie z.B. mit W\u00e4rmepumpen oder Pelletheizungen kombinieren. Solarthermie-Anlagen werden umfangreich gef\u00f6rdert, sowohl vom Bund (BAFA) als auch von der Gemeinde Neubiberg.<\/p>\n<p><strong><span style=\"font-size: 1.2em;\"><a href=\"https:\/\/klimaneutral2035.de\/en\/solarthermie\/\">Zum Solarthermie-Leitfaden &gt;&gt;<\/a><\/span><\/strong>\n\t\t\t\t\t\t\t\t<div class=\"clear\"><\/div>\n\t\t\t\t\t\t\t\t<\/div>\n\t\t\t\t\t\t\t<div class=\"clear\"><\/div>\n\t\t\t\t\t\t<\/div>\n\t\t\t\t\t\t<div class=\"clear\"><\/div>\n\t\t\t\t\t<\/div><div  class=\"clear swmsc_gap\" style=\"margin:50px 0 0 0;\"><\/div><div  class=\"service-img-medium\" >\n\t\t\t\t\t\t<div class=\"swmsc_services_images swmsc_responsive_services swmsc_services_item_left\" data-responsive=\"767\" data-margin=\"20\" >\n\t\t\t\t\t\t\t\t<div class=\"swmsc_services_item_holder\" style=\"margin-right:20px;\">\n\t\t\t\t\t\t\t\t<span>\n\t\t\t\t\t\t\t\t\t<img decoding=\"async\" src=\"https:\/\/klimaneutral2035.de\/wp-content\/uploads\/Fernwaerme.jpg\" alt=\"\" style=\"border:1px solid #e6e6e6; border-radius:0; padding:0px;\" \/>\n\t\t\t\t\t\t\t\t<\/span>\n\t\t\t\t\t\t\t<\/div>\n\t\t\t\t\t\t\t<div class=\"swmsc_services_image_content\">\n\t\t\t\t\t\t\t\t<h5 style=\"font-size:18px; color:#444444;margin-bottom:10px;\">Fernw\u00e4rme<\/h5>\n\t\t\t\t\t\t\t\tFernw\u00e4rme aus Geothermie ist eigentlich die ideale L\u00f6sung zum Heizen. Leider bekommen Interessenten aktuell entweder hohe Angebote oder direkt eine Absage.<\/p>\n<p>Versuchen Sie es trotzdem, berichten Sie uns von Ihren Erfahrungen und schicken Sie uns die Angebote oder Antworten gerne zu. Wir sammeln und anonymisieren diese und k\u00f6nnen diese Informationen dann wieder nutzen, um politisch die Notwendigkeit eines lokalen Ausbaus zu belegen.\n\t\t\t\t\t\t\t\t<div class=\"clear\"><\/div>\n\t\t\t\t\t\t\t\t<\/div>\n\t\t\t\t\t\t\t<div class=\"clear\"><\/div>\n\t\t\t\t\t\t<\/div>\n\t\t\t\t\t\t<div class=\"clear\"><\/div>\n\t\t\t\t\t<\/div><div  class=\"clear swmsc_gap\" style=\"margin:50px 0 0 0;\"><\/div><div  class=\"service-img-medium\" >\n\t\t\t\t\t\t<div class=\"swmsc_services_images swmsc_responsive_services swmsc_services_item_left\" data-responsive=\"767\" data-margin=\"20\" >\n\t\t\t\t\t\t\t\t<div class=\"swmsc_services_item_holder\" style=\"margin-right:20px;\">\n\t\t\t\t\t\t\t\t<span>\n\t\t\t\t\t\t\t\t\t<img decoding=\"async\" src=\"https:\/\/klimaneutral2035.de\/wp-content\/uploads\/Biomasse.jpg\" alt=\"\" style=\"border:1px solid #e6e6e6; border-radius:0; padding:0px;\" \/>\n\t\t\t\t\t\t\t\t<\/span>\n\t\t\t\t\t\t\t<\/div>\n\t\t\t\t\t\t\t<div class=\"swmsc_services_image_content\">\n\t\t\t\t\t\t\t\t<h5 style=\"font-size:18px; color:#444444;margin-bottom:10px;\">Biomasseheizung<\/h5>\n\t\t\t\t\t\t\t\tBiomasse z.B. mit Holz oder Pellets, ist leider nicht so klimafreundlich wie die Alternativen und steht zus\u00e4tzlich in Konkurrenz mit anderen Anwendungen, z.B. bauen mit Holz. Au\u00dferdem entstehen dabei Stickoxide und Feinstaub. Letzterer ben\u00f6tigt dann teure Abscheidungsanlagen.<\/p>\n<p>Deshalb sollten Sie mit Biomasse nur heizen, wenn\u00a0 keine der anderen Optionen (W\u00e4rmepumpe, Fernw\u00e4rme) sinnvoll einsetzbar ist und dann idealerweise mit <a href=\"https:\/\/klimaneutral2035.de\/en\/solarthermie\/\">Solar heat<\/a> kombinieren.<\/p>\n\n\t\t\t\t\t\t\t\t<div class=\"clear\"><\/div>\n\t\t\t\t\t\t\t\t<\/div>\n\t\t\t\t\t\t\t<div class=\"clear\"><\/div>\n\t\t\t\t\t\t<\/div>\n\t\t\t\t\t\t<div class=\"clear\"><\/div>\n\t\t\t\t\t<\/div><div  class=\"swmsc_fancy_heading swmsc_fancy_heading_center fh_icon_car\" style=\"margin-top:80px;margin-bottom:40px;\">\n\t\t\t\t\t\t<div class=\"swmsc_fancy_heading_text\" style=\"font-size:30px;line-height:36px;\">\n\t\t\t\t\t\t\t\n<h2>Mobilit\u00e4t<\/h2>\n\n\t\t\t\t\t\t\t<div class=\"swmsc_fancy_heading_border\">\n\t\t\t\t\t\t\t\t<span class=\"swmsc_fancy_heading_border1\" style=\"background:#e6e6e6;\"><\/span>\n\t\t\t\t\t\t\t\t<span class=\"swmsc_fancy_heading_border2\" style=\"background:#e6e6e6;\"><\/span>\n\t\t\t\t\t\t\t\t<span class=\"swmsc_fancy_heading_icon\"><i class=\"fa fa-car\"  style=\"color:#90be54;\"><\/i><\/span>\n\t\t\t\t\t\t\t<\/div>\n\t\t\t\t\t\t<\/div>\n\t\t\t\t\t<\/div><div  class=\"service-img-medium\" >\n\t\t\t\t\t\t<div class=\"swmsc_services_images swmsc_responsive_services swmsc_services_item_left\" data-responsive=\"767\" data-margin=\"20\" >\n\t\t\t\t\t\t\t\t<div class=\"swmsc_services_item_holder\" style=\"margin-right:20px;\">\n\t\t\t\t\t\t\t\t<span>\n\t\t\t\t\t\t\t\t\t<img decoding=\"async\" src=\"https:\/\/klimaneutral2035.de\/wp-content\/uploads\/e-auto-scaled.jpg\" alt=\"\" style=\"border:1px solid #e6e6e6; border-radius:0; padding:0px;\" \/>\n\t\t\t\t\t\t\t\t<\/span>\n\t\t\t\t\t\t\t<\/div>\n\t\t\t\t\t\t\t<div class=\"swmsc_services_image_content\">\n\t\t\t\t\t\t\t\t<h5 style=\"font-size:18px; color:#444444;margin-bottom:10px;\">E-Mobilit\u00e4t - Klimafreundlicher Umstieg ohne Vorurteile<\/h5>\n\t\t\t\t\t\t\t\t\n<p>Was ist notwendig f\u00fcr einen Umstieg auf ein E-Auto? Welchen Mehrwert bietet mir ein E-Auto gegen\u00fcber einem Verbrenner? Welche verschiedenen Typen (Hybrid- und reines E-Auto) gibt es? Und warum lohnt sich dank F\u00f6rderungen ein Umstieg schon jetzt? Die Elektromobilit\u00e4t steckt in Deutschland gef\u00fchlt noch in den Kinderschuhen. Wie uns andere L\u00e4nder zeigen, m\u00fcsste und sollte sie das aber nicht. Denn E-Autos werden ein wichtiger Teil der Energiewende sein.<\/p>\n<p><strong><span style=\"font-size: 1.2em;\"><a href=\"https:\/\/klimaneutral2035.de\/en\/e-mobilitaet\/\">Zum E-Mobilit\u00e4ts-Leitfaden &gt;&gt;<\/a><\/span><\/strong><\/p>\n\n\t\t\t\t\t\t\t\t<div class=\"clear\"><\/div>\n\t\t\t\t\t\t\t\t<\/div>\n\t\t\t\t\t\t\t<div class=\"clear\"><\/div>\n\t\t\t\t\t\t<\/div>\n\t\t\t\t\t\t<div class=\"clear\"><\/div>\n\t\t\t\t\t<\/div><div  class=\"swmsc_fancy_heading swmsc_fancy_heading_center fh_icon_eur\" style=\"margin-top:80px;margin-bottom:40px;\">\n\t\t\t\t\t\t<div class=\"swmsc_fancy_heading_text\" style=\"font-size:30px;line-height:36px;\">\n\t\t\t\t\t\t\t\n<h2>Kompensation<\/h2>\n\n\t\t\t\t\t\t\t<div class=\"swmsc_fancy_heading_border\">\n\t\t\t\t\t\t\t\t<span class=\"swmsc_fancy_heading_border1\" style=\"background:#e6e6e6;\"><\/span>\n\t\t\t\t\t\t\t\t<span class=\"swmsc_fancy_heading_border2\" style=\"background:#e6e6e6;\"><\/span>\n\t\t\t\t\t\t\t\t<span class=\"swmsc_fancy_heading_icon\"><i class=\"fa fa-eur\"  style=\"color:#90be54;\"><\/i><\/span>\n\t\t\t\t\t\t\t<\/div>\n\t\t\t\t\t\t<\/div>\n\t\t\t\t\t<\/div>\n\t<div class=\"wpb_text_column wpb_content_element\" >\n\t\t<div class=\"wpb_wrapper\">\n\t\t\t<p>Bei Kompensation werden Treibhausgas-Emissionen an anderer Stelle ausgeglichen. Kompensation sollte immer nur die letzte M\u00f6glichkeit sein, denn am Ende muss die ganze Welt klimaneutral sein und da hilft es nicht, wenn sie anderswo kompensiert werden. Trotzdem haben viele Menschen nicht die M\u00f6glichkeit ihre eigene Energiewende vollst\u00e4ndig umzusetzen. Deshalb gibt es durchaus etliche sinnvolle M\u00f6glichkeiten, sich anderswo daf\u00fcr einzusetzen, dass die Energiewende schneller voranschreitet oder Treibhausgasemissionen eingespart werden, z.B.<\/p>\n<ul>\n<li><a href=\"https:\/\/www.aktion-zukunft-plus.de\/\" target=\"_blank\" rel=\"noopener\">Zukunftsaktie<\/a> (Landkreis M\u00fcnchen)<\/li>\n<li><a href=\"https:\/\/beu-unterhaching.de\/\" target=\"_blank\" rel=\"noopener\">B\u00fcrger-Energie-Unterhaching<\/a> (BEU)<\/li>\n<li>Kompensationsanbieter (z.B. Atmosfair)<\/li>\n<li>Nachhaltige Geldanlagen (s. Stiftung Finanztest)<\/li>\n<\/ul>\n\n\t\t<\/div>\n\t<\/div>\n<div  class=\"swmsc_fancy_heading swmsc_fancy_heading_center fh_icon_group\" style=\"margin-top:80px;margin-bottom:40px;\">\n\t\t\t\t\t\t<div class=\"swmsc_fancy_heading_text\" style=\"font-size:30px;line-height:36px;\">\n\t\t\t\t\t\t\t\n<h2>Regionale Partner<\/h2>\n\n\t\t\t\t\t\t\t<div class=\"swmsc_fancy_heading_border\">\n\t\t\t\t\t\t\t\t<span class=\"swmsc_fancy_heading_border1\" style=\"background:#e6e6e6;\"><\/span>\n\t\t\t\t\t\t\t\t<span class=\"swmsc_fancy_heading_border2\" style=\"background:#e6e6e6;\"><\/span>\n\t\t\t\t\t\t\t\t<span class=\"swmsc_fancy_heading_icon\"><i class=\"fa fa-group\"  style=\"color:#90be54;\"><\/i><\/span>\n\t\t\t\t\t\t\t<\/div>\n\t\t\t\t\t\t<\/div>\n\t\t\t\t\t<\/div><div   >\n\t\t\t\t\t\t<div class=\"swmsc_services_images swmsc_responsive_services swmsc_services_item_left\" data-responsive=\"767\" data-margin=\"20\" >\n\t\t\t\t\t\t\t\t<div class=\"swmsc_services_item_holder\" style=\"margin-right:20px;\">\n\t\t\t\t\t\t\t\t<span>\n\t\t\t\t\t\t\t\t\t<a href=\"http:\/\/www.agenda21-ottobrunn-neubiberg.de\/index.php\/energie-und-klima\/\"  target=\"_blank\"><img decoding=\"async\" src=\"https:\/\/klimaneutral2035.de\/wp-content\/uploads\/agenda21-2.png\" alt=\"\" style=\"border:1px solid #e6e6e6; border-radius:0; padding:0px;\" \/><\/a>\n\t\t\t\t\t\t\t\t<\/span>\n\t\t\t\t\t\t\t<\/div>\n\t\t\t\t\t\t\t<div class=\"swmsc_services_image_content\">\n\t\t\t\t\t\t\t\t<h5 style=\"margin-bottom:10px;\"><a href=\"http:\/\/www.agenda21-ottobrunn-neubiberg.de\/index.php\/energie-und-klima\/\" style=\"font-size:18px; color:#444444;\"  target=\"_blank\">Agenda 21<\/a><\/h5>\n\t\t\t\t\t\t\t\tDer Arbeitskreis &#8222;Energie &amp; Klima&#8220; setzt sich f\u00fcr die Energiewende ein: Das gro\u00dfe Potential f\u00fcr die Einsparung von Energie (Effizienz-Steigerung) ist zu nutzen und die fossile und nukleare Prim\u00e4renergie durch regenerative Energien (Sonne, Wind, Wasserm, Erdw\u00e4rme) zu ersetzen. Wenn die Energiewende rechtzeitig eingeleitet wird, so k\u00f6nnen wir mit etwa einem Viertel des derzeitigen Energiebedarfs auskommen, ohne Einbu\u00dfe an Komfort. Dass unser Energiebedarf auch in unseren Breiten zu 100% aus regenerativen Energien zu decken ist, zeigen die Projekte vorbildlicher Gemeinden wie Furth bei Landshut und Unterhaching.<br \/>\nOttobrunn und Neubiberg sollen zu diesen Vorbildern aufschlie\u00dfen.\n\t\t\t\t\t\t\t\t<div class=\"clear\"><\/div>\n\t\t\t\t\t\t\t\t<\/div>\n\t\t\t\t\t\t\t<div class=\"clear\"><\/div>\n\t\t\t\t\t\t<\/div>\n\t\t\t\t\t\t<div class=\"clear\"><\/div>\n\t\t\t\t\t<\/div><div  class=\"clear swmsc_gap\" style=\"margin:30px 0 0 0;\"><\/div><div   >\n\t\t\t\t\t\t<div class=\"swmsc_services_images swmsc_responsive_services swmsc_services_item_left\" data-responsive=\"767\" data-margin=\"30\" >\n\t\t\t\t\t\t\t\t<div class=\"swmsc_services_item_holder\" style=\"margin-right:30px;\">\n\t\t\t\t\t\t\t\t<span>\n\t\t\t\t\t\t\t\t\t<a href=\"https:\/\/www.energieagentur-ebe-m.de\"  target=\"_blank\"><img decoding=\"async\" src=\"https:\/\/klimaneutral2035.de\/wp-content\/uploads\/ea-ebe-muc-1.png\" alt=\"\" style=\"border:1px solid #e6e6e6; border-radius:0; padding:0px;\" \/><\/a>\n\t\t\t\t\t\t\t\t<\/span>\n\t\t\t\t\t\t\t<\/div>\n\t\t\t\t\t\t\t<div class=\"swmsc_services_image_content\">\n\t\t\t\t\t\t\t\t<h5 style=\"margin-bottom:10px;\"><a href=\"https:\/\/www.energieagentur-ebe-m.de\" style=\"font-size:18px; color:#444444;\"  target=\"_blank\">Energieagentur Ebersberg - M\u00fcnchen<\/a><\/h5>\n\t\t\t\t\t\t\t\tDie Energieagentur Ebersberg-M\u00fcnchen ist die Kompetenzstelle der beiden Landkreise Ebersberg und M\u00fcnchen f\u00fcr alle Energiefragen. Wir beraten und unterst\u00fctzen B\u00fcrger, Unternehmen und Kommunen bei allen Klimaschutzma\u00dfnahmen und zeigen Chancen und Potenziale der Energiewende auf. Wir arbeiten f\u00fcr Sie als unabh\u00e4ngiger Dienstleister innerhalb eines Netzwerkes lokaler Mitstreiter und Unterst\u00fctzer.\n\t\t\t\t\t\t\t\t<div class=\"clear\"><\/div>\n\t\t\t\t\t\t\t\t<\/div>\n\t\t\t\t\t\t\t<div class=\"clear\"><\/div>\n\t\t\t\t\t\t<\/div>\n\t\t\t\t\t\t<div class=\"clear\"><\/div>\n\t\t\t\t\t<\/div><\/div><\/div><\/div><\/div>","protected":false},"excerpt":{"rendered":"Strom Photovoltaik - Solarstrom vom eigenen Dach lohnt sich Photovoltaik-Anlagen lohnen sich nicht nur f\u00fcr das Klima, sondern meist auch finanziell \u2013 umso mehr, da die Gemeinde Neubiberg Photovoltaik-Anlagen mit durchschnittlich 2.100 Euro f\u00f6rdert. Die Initiative Klimaneutral 2035 hat dazu einen sehr informativen und praktischen Leitfaden erstellt und hat etliche [...]","protected":false},"author":1,"featured_media":0,"parent":0,"menu_order":0,"comment_status":"closed","ping_status":"closed","template":"","meta":{"footnotes":""},"class_list":["post-1669","page","type-page","status-publish","hentry"],"yoast_head":"<!-- This site is optimized with the Yoast SEO plugin v27.5 - https:\/\/yoast.com\/product\/yoast-seo-wordpress\/ -->\n<title>Energiewende vorantreiben - Klimaneutral 2035<\/title>\n<meta name=\"robots\" content=\"index, follow, max-snippet:-1, max-image-preview:large, max-video-preview:-1\" \/>\n<link rel=\"canonical\" href=\"https:\/\/klimaneutral2035.de\/en\/energiewende-beschleunigen\/\" \/>\n<meta property=\"og:locale\" content=\"en_US\" \/>\n<meta property=\"og:type\" content=\"article\" \/>\n<meta property=\"og:title\" content=\"Energiewende vorantreiben - Klimaneutral 2035\" \/>\n<meta property=\"og:url\" content=\"https:\/\/klimaneutral2035.de\/en\/energiewende-beschleunigen\/\" \/>\n<meta property=\"og:site_name\" content=\"Klimaneutral 2035\" \/>\n<meta property=\"article:publisher\" content=\"https:\/\/www.facebook.com\/Klimaneutral-2035\" \/>\n<meta property=\"article:modified_time\" content=\"2024-02-25T18:48:29+00:00\" \/>\n<meta name=\"twitter:card\" content=\"summary_large_image\" \/>\n<meta name=\"twitter:site\" content=\"@Klimaneutral35\" \/>\n<meta name=\"twitter:label1\" content=\"Est. reading time\" \/>\n\t<meta name=\"twitter:data1\" content=\"8 minutes\" \/>\n<script type=\"application\/ld+json\" class=\"yoast-schema-graph\">{\"@context\":\"https:\\\/\\\/schema.org\",\"@graph\":[{\"@type\":\"WebPage\",\"@id\":\"https:\\\/\\\/klimaneutral2035.de\\\/energiewende-beschleunigen\\\/\",\"url\":\"https:\\\/\\\/klimaneutral2035.de\\\/energiewende-beschleunigen\\\/\",\"name\":\"Energiewende vorantreiben - Klimaneutral 2035\",\"isPartOf\":{\"@id\":\"https:\\\/\\\/klimaneutral2035.de\\\/#website\"},\"datePublished\":\"2020-07-18T20:47:34+00:00\",\"dateModified\":\"2024-02-25T18:48:29+00:00\",\"breadcrumb\":{\"@id\":\"https:\\\/\\\/klimaneutral2035.de\\\/energiewende-beschleunigen\\\/#breadcrumb\"},\"inLanguage\":\"en-US\",\"potentialAction\":[{\"@type\":\"ReadAction\",\"target\":[\"https:\\\/\\\/klimaneutral2035.de\\\/energiewende-beschleunigen\\\/\"]}]},{\"@type\":\"BreadcrumbList\",\"@id\":\"https:\\\/\\\/klimaneutral2035.de\\\/energiewende-beschleunigen\\\/#breadcrumb\",\"itemListElement\":[{\"@type\":\"ListItem\",\"position\":1,\"name\":\"Startseite\",\"item\":\"https:\\\/\\\/klimaneutral2035.de\\\/\"},{\"@type\":\"ListItem\",\"position\":2,\"name\":\"Energiewende vorantreiben\"}]},{\"@type\":\"WebSite\",\"@id\":\"https:\\\/\\\/klimaneutral2035.de\\\/#website\",\"url\":\"https:\\\/\\\/klimaneutral2035.de\\\/\",\"name\":\"Klimaneutral 2035\",\"description\":\"Eine Initiative f\u00fcr Neubiberg\",\"publisher\":{\"@id\":\"https:\\\/\\\/klimaneutral2035.de\\\/#organization\"},\"potentialAction\":[{\"@type\":\"SearchAction\",\"target\":{\"@type\":\"EntryPoint\",\"urlTemplate\":\"https:\\\/\\\/klimaneutral2035.de\\\/?s={search_term_string}\"},\"query-input\":{\"@type\":\"PropertyValueSpecification\",\"valueRequired\":true,\"valueName\":\"search_term_string\"}}],\"inLanguage\":\"en-US\"},{\"@type\":\"Organization\",\"@id\":\"https:\\\/\\\/klimaneutral2035.de\\\/#organization\",\"name\":\"Klimaneutral 2035\",\"url\":\"https:\\\/\\\/klimaneutral2035.de\\\/\",\"logo\":{\"@type\":\"ImageObject\",\"inLanguage\":\"en-US\",\"@id\":\"https:\\\/\\\/klimaneutral2035.de\\\/#\\\/schema\\\/logo\\\/image\\\/\",\"url\":\"https:\\\/\\\/klimaneutral2035.de\\\/wp-content\\\/uploads\\\/cropped-favicon.png\",\"contentUrl\":\"https:\\\/\\\/klimaneutral2035.de\\\/wp-content\\\/uploads\\\/cropped-favicon.png\",\"width\":512,\"height\":512,\"caption\":\"Klimaneutral 2035\"},\"image\":{\"@id\":\"https:\\\/\\\/klimaneutral2035.de\\\/#\\\/schema\\\/logo\\\/image\\\/\"},\"sameAs\":[\"https:\\\/\\\/www.facebook.com\\\/Klimaneutral-2035\",\"https:\\\/\\\/x.com\\\/Klimaneutral35\",\"https:\\\/\\\/www.instagram.com\\\/klimaneutral_2035\"]}]}<\/script>\n<!-- \/ Yoast SEO plugin. -->","yoast_head_json":{"title":"Energiewende vorantreiben - Klimaneutral 2035","robots":{"index":"index","follow":"follow","max-snippet":"max-snippet:-1","max-image-preview":"max-image-preview:large","max-video-preview":"max-video-preview:-1"},"canonical":"https:\/\/klimaneutral2035.de\/en\/energiewende-beschleunigen\/","og_locale":"en_US","og_type":"article","og_title":"Energiewende vorantreiben - Klimaneutral 2035","og_url":"https:\/\/klimaneutral2035.de\/en\/energiewende-beschleunigen\/","og_site_name":"Klimaneutral 2035","article_publisher":"https:\/\/www.facebook.com\/Klimaneutral-2035","article_modified_time":"2024-02-25T18:48:29+00:00","twitter_card":"summary_large_image","twitter_site":"@Klimaneutral35","twitter_misc":{"Est. reading time":"8 minutes"},"schema":{"@context":"https:\/\/schema.org","@graph":[{"@type":"WebPage","@id":"https:\/\/klimaneutral2035.de\/energiewende-beschleunigen\/","url":"https:\/\/klimaneutral2035.de\/energiewende-beschleunigen\/","name":"Energiewende vorantreiben - Klimaneutral 2035","isPartOf":{"@id":"https:\/\/klimaneutral2035.de\/#website"},"datePublished":"2020-07-18T20:47:34+00:00","dateModified":"2024-02-25T18:48:29+00:00","breadcrumb":{"@id":"https:\/\/klimaneutral2035.de\/energiewende-beschleunigen\/#breadcrumb"},"inLanguage":"en-US","potentialAction":[{"@type":"ReadAction","target":["https:\/\/klimaneutral2035.de\/energiewende-beschleunigen\/"]}]},{"@type":"BreadcrumbList","@id":"https:\/\/klimaneutral2035.de\/energiewende-beschleunigen\/#breadcrumb","itemListElement":[{"@type":"ListItem","position":1,"name":"Startseite","item":"https:\/\/klimaneutral2035.de\/"},{"@type":"ListItem","position":2,"name":"Energiewende vorantreiben"}]},{"@type":"WebSite","@id":"https:\/\/klimaneutral2035.de\/#website","url":"https:\/\/klimaneutral2035.de\/","name":"Klimaneutral 2035","description":"Eine Initiative f\u00fcr Neubiberg","publisher":{"@id":"https:\/\/klimaneutral2035.de\/#organization"},"potentialAction":[{"@type":"SearchAction","target":{"@type":"EntryPoint","urlTemplate":"https:\/\/klimaneutral2035.de\/?s={search_term_string}"},"query-input":{"@type":"PropertyValueSpecification","valueRequired":true,"valueName":"search_term_string"}}],"inLanguage":"en-US"},{"@type":"Organization","@id":"https:\/\/klimaneutral2035.de\/#organization","name":"Klimaneutral 2035","url":"https:\/\/klimaneutral2035.de\/","logo":{"@type":"ImageObject","inLanguage":"en-US","@id":"https:\/\/klimaneutral2035.de\/#\/schema\/logo\/image\/","url":"https:\/\/klimaneutral2035.de\/wp-content\/uploads\/cropped-favicon.png","contentUrl":"https:\/\/klimaneutral2035.de\/wp-content\/uploads\/cropped-favicon.png","width":512,"height":512,"caption":"Klimaneutral 2035"},"image":{"@id":"https:\/\/klimaneutral2035.de\/#\/schema\/logo\/image\/"},"sameAs":["https:\/\/www.facebook.com\/Klimaneutral-2035","https:\/\/x.com\/Klimaneutral35","https:\/\/www.instagram.com\/klimaneutral_2035"]}]}},"_links":{"self":[{"href":"https:\/\/klimaneutral2035.de\/en\/wp-json\/wp\/v2\/pages\/1669","targetHints":{"allow":["GET"]}}],"collection":[{"href":"https:\/\/klimaneutral2035.de\/en\/wp-json\/wp\/v2\/pages"}],"about":[{"href":"https:\/\/klimaneutral2035.de\/en\/wp-json\/wp\/v2\/types\/page"}],"author":[{"embeddable":true,"href":"https:\/\/klimaneutral2035.de\/en\/wp-json\/wp\/v2\/users\/1"}],"replies":[{"embeddable":true,"href":"https:\/\/klimaneutral2035.de\/en\/wp-json\/wp\/v2\/comments?post=1669"}],"version-history":[{"count":10,"href":"https:\/\/klimaneutral2035.de\/en\/wp-json\/wp\/v2\/pages\/1669\/revisions"}],"predecessor-version":[{"id":4791,"href":"https:\/\/klimaneutral2035.de\/en\/wp-json\/wp\/v2\/pages\/1669\/revisions\/4791"}],"wp:attachment":[{"href":"https:\/\/klimaneutral2035.de\/en\/wp-json\/wp\/v2\/media?parent=1669"}],"curies":[{"name":"wp","href":"https:\/\/api.w.org\/{rel}","templated":true}]}}